{"id":53,"date":"2016-04-18T13:07:29","date_gmt":"2016-04-18T13:07:29","guid":{"rendered":"http:\/\/flatsome.dev\/?page_id=7224"},"modified":"2018-12-11T20:04:48","modified_gmt":"2018-12-11T20:04:48","slug":"sale-countdown","status":"publish","type":"page","link":"https:\/\/sosmedecinsfes.com\/de\/demos\/shop-demos\/sale-countdown\/","title":{"rendered":"Sale Countdown"},"content":{"rendered":"<div class=\"message-box relative dark\" style=\"padding-top:7px;padding-bottom:7px;\"><div class=\"message-box-bg-image bg-fill fill\" ><\/div><div class=\"message-box-bg-overlay bg-fill fill\" style=\"background-color:rgb(69, 69, 69);\"><\/div><div class=\"container relative\"><div class=\"inner last-reset\">\n<div class=\"row row-collapse row-full-width\"  id=\"row-674342494\">\n<div class=\"col medium-7 small-12 large-7\"  ><div class=\"col-inner text-center\"  >\n<p><strong>BIG SUMMER SALE HAS STARTED. UP TO 70% OFF \u00a0\u00a0<\/strong>Make sure you<\/p>\n<\/div><\/div>\n<div class=\"col medium-5 small-12 large-5\"  ><div class=\"col-inner text-center\"  >\n<span id=\"timer-641305212\" class=\"ux-timer-text\" data-text-plural=\"s\" data-text-hour=\"hour\" data-text-day=\"day\" data-text-week=\"week\" data-text-min=\"min\" data-text-sec=\"sec\" data-text-hour-p=\"\" data-text-day-p=\"\" data-text-week-p=\"\" data-text-min-p=\"\" data-text-sec-p=\"\" data-countdown=\"2016\/12\/31 18:00\"><\/span>\n<style scope=\"scope\">\n\n#timer-641305212 {\n  font-size: 94%;\n}\n<\/style>\n\n<\/div><\/div>\n\n<style scope=\"scope\">\n\n<\/style>\n<\/div>\n<\/div><\/div><\/div>\n<div class=\"slider-wrapper relative \" id=\"slider-1738275969\" >\n    <div class=\"slider slider-nav-circle slider-nav-large slider-nav-light slider-style-normal\"\n        data-flickity-options='{\n            \"cellAlign\": \"center\",\n            \"imagesLoaded\": true,\n            \"lazyLoad\": 1,\n            \"freeScroll\": false,\n            \"wrapAround\": true,\n            \"autoPlay\": 6000,\n            \"pauseAutoPlayOnHover\" : true,\n            \"prevNextButtons\": true,\n            \"contain\" : true,\n            \"adaptiveHeight\" : true,\n            \"dragThreshold\" : 5,\n            \"percentPosition\": true,\n            \"pageDots\": true,\n            \"rightToLeft\": false,\n            \"draggable\": true,\n            \"selectedAttraction\": 0.1,\n            \"parallax\" : 0,\n            \"friction\": 0.6        }'\n        >\n        \n\n  <div class=\"banner has-hover\" id=\"banner-119352282\">\n          <div class=\"banner-inner fill\">\n        <div class=\"banner-bg fill\" >\n            <div class=\"bg fill bg-fill \"><\/div>\n                        <div class=\"overlay\"><\/div>            \n                    <\/div><!-- bg-layers -->\n        <div class=\"banner-layers container\">\n            <div class=\"fill banner-link\"><\/div>            \n   <div id=\"text-box-1605578062\" class=\"text-box banner-layer x50 md-x50 lg-x50 y50 md-y50 lg-y50 res-text\">\n                                <div class=\"text dark\">\n              \n              <div class=\"text-inner text-center\">\n                  \n<p class=\"alt-font\"><span style=\"font-size: 200%;\">It has finally started<\/span><\/p>\n<h1><span style=\"font-size: 130%;\"><strong>BIG SUMMER SALE<\/strong><\/span><\/h1>\n<div id=\"timer-984628388\" class=\"ux-timer light\" data-text-plural=\"s\" data-text-hour=\"hour\" data-text-day=\"day\" data-text-week=\"week\" data-text-min=\"min\" data-text-sec=\"sec\" data-text-hour-p=\"\" data-text-day-p=\"\" data-text-week-p=\"\" data-text-min-p=\"\" data-text-sec-p=\"\" data-countdown=\"2016\/12\/31 18:00\"><span>&nbsp;<div class=\"loading-spin dark centered\"><\/div><strong>&nbsp;<\/strong><\/span><\/div>\n<style scope=\"scope\">\n\n#timer-984628388 {\n  font-size: 307%;\n}\n#timer-984628388 span {\n  background-color: rgba(255, 255, 255, 0.86);\n}\n<\/style>\n\n<a class=\"button white is-outline\"  >\n    <span>Shop Men<\/span>\n  <\/a>\n\n<a class=\"button white is-outline\"  >\n    <span>Shop Women<\/span>\n  <\/a>\n\n<a class=\"button white is-outline\"  >\n    <span>Shop all<\/span>\n  <\/a>\n\n              <\/div>\n           <\/div><!-- text-box-inner -->\n                            \n<style scope=\"scope\">\n\n#text-box-1605578062 {\n  width: 80%;\n}\n#text-box-1605578062 .text {\n  font-size: 100%;\n}\n\n\n@media (min-width:550px) {\n\n  #text-box-1605578062 {\n    width: 69%;\n  }\n\n}\n<\/style>\n    <\/div><!-- text-box -->\n \n        <\/div><!-- .banner-layers -->\n      <\/div><!-- .banner-inner -->\n\n            \n<style scope=\"scope\">\n\n#banner-119352282 {\n  padding-top: 706px;\n}\n#banner-119352282 .bg.bg-loaded {\n  background-image: url(https:\/\/sosmedecinsfes.com\/wp-content\/uploads\/2016\/08\/dummy-2.jpg);\n}\n#banner-119352282 .overlay {\n  background-color: rgba(0, 0, 0, 0.35);\n}\n#banner-119352282 .bg {\n  background-position: 40% 54%;\n}\n<\/style>\n  <\/div><!-- .banner -->\n\n\n     <\/div>\n\n     <div class=\"loading-spin dark large centered\"><\/div>\n\n     <style scope=\"scope\">\n             <\/style>\n<\/div><!-- .ux-slider-wrapper -->\n\n\n<div class=\"row align-center\"  id=\"row-485529298\">\n<div class=\"col medium-8 small-12 large-8\"  ><div class=\"col-inner text-center\"  >\n<h1 class=\"uppercase\">Welcome to our Shop<\/h1>\n<p class=\"lead\">Lorem ipsum dolor sit amet, consectetuer adipiscing elit, sed diam nonummy nibh euismod tincidunt ut laoreet dolore magna aliquam erat volutpat.<\/p>\n<\/div><\/div>\n\n<style scope=\"scope\">\n\n<\/style>\n<\/div>\n<div class=\"container section-title-container\" ><h3 class=\"section-title section-title-bold-center\"><b><\/b><span class=\"section-title-main\" style=\"font-size:undefined%;\">Browse products<\/span><b><\/b><\/h3><\/div><!-- .section-title -->\n[ux_product_categories style=\u00a0\u00bboverlay\u00a0\u00bb type=\u00a0\u00bbgrid\u00a0\u00bb grid=\u00a0\u00bb8&Prime; grid_height=\u00a0\u00bb300px\u00a0\u00bb depth=\u00a0\u00bb1&Prime; depth_hover=\u00a0\u00bb4&Prime; number=\u00a0\u00bb7&Prime; text_pos=\u00a0\u00bbmiddle\u00a0\u00bb text_size=\u00a0\u00bblarge\u00a0\u00bb]\n<div class=\"gap-element\" style=\"display:block; height:auto; padding-top:54px\" class=\"clearfix\"><\/div>\n\n  <div class=\"banner has-hover\" id=\"banner-1126854139\">\n          <div class=\"banner-inner fill\">\n        <div class=\"banner-bg fill\" >\n            <div class=\"bg fill bg-fill \"><\/div>\n                                    \n                    <\/div><!-- bg-layers -->\n        <div class=\"banner-layers container\">\n            <div class=\"fill banner-link\"><\/div>            \n   <div id=\"text-box-1522150679\" class=\"text-box banner-layer x50 md-x5 lg-x5 y50 md-y50 lg-y50 res-text\">\n                                <div class=\"text dark\">\n              \n              <div class=\"text-inner text-center\">\n                  \n<h2 class=\"uppercase\"><strong>never miss a sale again<\/strong><\/h2>\n<p class=\"lead\">Sign up for our Newsletter<\/p>\n<p>(insert contact form here)<\/p>\n              <\/div>\n           <\/div><!-- text-box-inner -->\n                            \n<style scope=\"scope\">\n\n#text-box-1522150679 {\n  width: 76%;\n}\n#text-box-1522150679 .text {\n  font-size: 100%;\n}\n\n\n@media (min-width:550px) {\n\n  #text-box-1522150679 {\n    width: 40%;\n  }\n\n}\n<\/style>\n    <\/div><!-- text-box -->\n \n        <\/div><!-- .banner-layers -->\n      <\/div><!-- .banner-inner -->\n\n            \n<style scope=\"scope\">\n\n#banner-1126854139 {\n  padding-top: 387px;\n}\n#banner-1126854139 .bg.bg-loaded {\n  background-image: url(https:\/\/sosmedecinsfes.com\/wp-content\/uploads\/2016\/08\/dummy-2.jpg);\n}\n#banner-1126854139 .bg {\n  background-position: 49% 7%;\n}\n<\/style>\n  <\/div><!-- .banner -->\n\n\n<div class=\"container section-title-container\" ><h3 class=\"section-title section-title-bold-center\"><b><\/b><span class=\"section-title-main\" style=\"font-size:undefined%;\">Latest news<\/span><b><\/b><\/h3><\/div><!-- .section-title -->\n\n  \n    <div class=\"row large-columns-4 medium-columns- small-columns-1 has-shadow row-box-shadow-1 row-box-shadow-4-hover slider row-slider slider-nav-reveal slider-nav-push\"  data-flickity-options='{\"imagesLoaded\": true, \"groupCells\": \"100%\", \"dragThreshold\" : 5, \"cellAlign\": \"left\",\"wrapAround\": true,\"prevNextButtons\": true,\"percentPosition\": true,\"pageDots\": false, \"rightToLeft\": false, \"autoPlay\" : false}'>\n\n  \t\t<div class=\"col post-item\" >\n\t\t\t<div class=\"col-inner\">\n\t\t\t<a href=\"https:\/\/sosmedecinsfes.com\/de\/deshydratation-severe\/\" class=\"plain\">\n\t\t\t\t<div class=\"box box-text-bottom box-blog-post has-hover\">\n            \t\t\t\t\t<div class=\"box-image\" >\n  \t\t\t\t\t\t<div class=\"image-cover\" style=\"padding-top:68%;\">\n  \t\t\t\t\t\t\t<img fetchpriority=\"high\" decoding=\"async\" width=\"595\" height=\"400\" src=\"https:\/\/sosmedecinsfes.com\/wp-content\/uploads\/2024\/10\/Deshydratation-severe-595x400.jpg\" class=\"attachment-medium size-medium wp-post-image\" alt=\"D\u00e9shydratation s\u00e9v\u00e8re\" srcset=\"https:\/\/sosmedecinsfes.com\/wp-content\/uploads\/2024\/10\/Deshydratation-severe-595x400.jpg 595w, https:\/\/sosmedecinsfes.com\/wp-content\/uploads\/2024\/10\/Deshydratation-severe.jpg 640w\" sizes=\"(max-width: 595px) 100vw, 595px\" \/>  \t\t\t\t\t\t\t  \t\t\t\t\t\t\t  \t\t\t\t\t\t<\/div>\n  \t\t\t\t\t\t  \t\t\t\t\t<\/div><!-- .box-image -->\n          \t\t\t\t\t<div class=\"box-text text-center\" >\n\t\t\t\t\t<div class=\"box-text-inner blog-post-inner\">\n\n\t\t\t\t\t\n\t\t\t\t\t\t\t\t\t\t<h5 class=\"post-title is-large \">D\u00e9shydratation s\u00e9v\u00e8re : comprendre et agir<\/h5>\n\t\t\t\t\t\t\t\t\t\t<div class=\"is-divider\"><\/div>\n\t\t\t\t\t\t\t\t\t\t<p class=\"from_the_blog_excerpt \">La d\u00e9shydratation s\u00e9v\u00e8re est une condition grave qui survient lorsque le corps perd une quantit\u00e9 [...]\t\t\t\t\t<\/p>\n\t\t\t\t\t                    \n\t\t\t\t\t\n\t\t\t\t\t\n\t\t\t\t\t<\/div><!-- .box-text-inner -->\n\t\t\t\t\t<\/div><!-- .box-text -->\n\t\t\t\t\t\t\t\t\t\t\t\t\t\t\t\t<div class=\"badge absolute top post-date badge-outline\">\n\t\t\t\t\t\t\t<div class=\"badge-inner\">\n\t\t\t\t\t\t\t\t<span class=\"post-date-day\">05<\/span><br>\n\t\t\t\t\t\t\t\t<span class=\"post-date-month is-xsmall\">Okt.<\/span>\n\t\t\t\t\t\t\t<\/div>\n\t\t\t\t\t\t<\/div>\n\t\t\t\t\t\t\t\t\t<\/div><!-- .box -->\n\t\t\t\t<\/a><!-- .link -->\n\t\t\t<\/div><!-- .col-inner -->\n\t\t<\/div><!-- .col -->\n\t\t<div class=\"col post-item\" >\n\t\t\t<div class=\"col-inner\">\n\t\t\t<a href=\"https:\/\/sosmedecinsfes.com\/de\/intoxication-alimentaire\/\" class=\"plain\">\n\t\t\t\t<div class=\"box box-text-bottom box-blog-post has-hover\">\n            \t\t\t\t\t<div class=\"box-image\" >\n  \t\t\t\t\t\t<div class=\"image-cover\" style=\"padding-top:68%;\">\n  \t\t\t\t\t\t\t<img decoding=\"async\" width=\"650\" height=\"325\" src=\"https:\/\/sosmedecinsfes.com\/wp-content\/uploads\/2024\/10\/Intoxication-alimentaire.jpg\" class=\"attachment-medium size-medium wp-post-image\" alt=\"intoxication alimentaire\" \/>  \t\t\t\t\t\t\t  \t\t\t\t\t\t\t  \t\t\t\t\t\t<\/div>\n  \t\t\t\t\t\t  \t\t\t\t\t<\/div><!-- .box-image -->\n          \t\t\t\t\t<div class=\"box-text text-center\" >\n\t\t\t\t\t<div class=\"box-text-inner blog-post-inner\">\n\n\t\t\t\t\t\n\t\t\t\t\t\t\t\t\t\t<h5 class=\"post-title is-large \">Fi\u00e8vre en cas d&rsquo;intoxication alimentaire : que faire ?<\/h5>\n\t\t\t\t\t\t\t\t\t\t<div class=\"is-divider\"><\/div>\n\t\t\t\t\t\t\t\t\t\t<p class=\"from_the_blog_excerpt \">L&rsquo;intoxication alimentaire est une affection courante qui survient lorsque l&rsquo;on consomme des aliments contamin\u00e9s par [...]\t\t\t\t\t<\/p>\n\t\t\t\t\t                    \n\t\t\t\t\t\n\t\t\t\t\t\n\t\t\t\t\t<\/div><!-- .box-text-inner -->\n\t\t\t\t\t<\/div><!-- .box-text -->\n\t\t\t\t\t\t\t\t\t\t\t\t\t\t\t\t<div class=\"badge absolute top post-date badge-outline\">\n\t\t\t\t\t\t\t<div class=\"badge-inner\">\n\t\t\t\t\t\t\t\t<span class=\"post-date-day\">05<\/span><br>\n\t\t\t\t\t\t\t\t<span class=\"post-date-month is-xsmall\">Okt.<\/span>\n\t\t\t\t\t\t\t<\/div>\n\t\t\t\t\t\t<\/div>\n\t\t\t\t\t\t\t\t\t<\/div><!-- .box -->\n\t\t\t\t<\/a><!-- .link -->\n\t\t\t<\/div><!-- .col-inner -->\n\t\t<\/div><!-- .col -->\n\t\t<div class=\"col post-item\" >\n\t\t\t<div class=\"col-inner\">\n\t\t\t<a href=\"https:\/\/sosmedecinsfes.com\/de\/crise-cardiaque\/\" class=\"plain\">\n\t\t\t\t<div class=\"box box-text-bottom box-blog-post has-hover\">\n            \t\t\t\t\t<div class=\"box-image\" >\n  \t\t\t\t\t\t<div class=\"image-cover\" style=\"padding-top:68%;\">\n  \t\t\t\t\t\t\t<img decoding=\"async\" width=\"275\" height=\"183\" src=\"https:\/\/sosmedecinsfes.com\/wp-content\/uploads\/2024\/10\/Crise-Cardiaque-chez-les-Personnes-Agees.jpg\" class=\"attachment-medium size-medium wp-post-image\" alt=\"Crise Cardiaque chez les Personnes \u00c2g\u00e9es\" \/>  \t\t\t\t\t\t\t  \t\t\t\t\t\t\t  \t\t\t\t\t\t<\/div>\n  \t\t\t\t\t\t  \t\t\t\t\t<\/div><!-- .box-image -->\n          \t\t\t\t\t<div class=\"box-text text-center\" >\n\t\t\t\t\t<div class=\"box-text-inner blog-post-inner\">\n\n\t\t\t\t\t\n\t\t\t\t\t\t\t\t\t\t<h5 class=\"post-title is-large \">Crise Cardiaque chez les Personnes \u00c2g\u00e9es : Pr\u00e9vention et R\u00e9action<\/h5>\n\t\t\t\t\t\t\t\t\t\t<div class=\"is-divider\"><\/div>\n\t\t\t\t\t\t\t\t\t\t<p class=\"from_the_blog_excerpt \">La crise cardiaque, ou infarctus du myocarde, est un \u00e9v\u00e9nement grave qui peut survenir chez [...]\t\t\t\t\t<\/p>\n\t\t\t\t\t                    \n\t\t\t\t\t\n\t\t\t\t\t\n\t\t\t\t\t<\/div><!-- .box-text-inner -->\n\t\t\t\t\t<\/div><!-- .box-text -->\n\t\t\t\t\t\t\t\t\t\t\t\t\t\t\t\t<div class=\"badge absolute top post-date badge-outline\">\n\t\t\t\t\t\t\t<div class=\"badge-inner\">\n\t\t\t\t\t\t\t\t<span class=\"post-date-day\">05<\/span><br>\n\t\t\t\t\t\t\t\t<span class=\"post-date-month is-xsmall\">Okt.<\/span>\n\t\t\t\t\t\t\t<\/div>\n\t\t\t\t\t\t<\/div>\n\t\t\t\t\t\t\t\t\t<\/div><!-- .box -->\n\t\t\t\t<\/a><!-- .link -->\n\t\t\t<\/div><!-- .col-inner -->\n\t\t<\/div><!-- .col -->\n\t\t<div class=\"col post-item\" >\n\t\t\t<div class=\"col-inner\">\n\t\t\t<a href=\"https:\/\/sosmedecinsfes.com\/de\/nahrungsmittelunvertraglichkeiten-verstehen-und-bewaltigen-kontaktieren-sie-sos-arzte-fes\/\" class=\"plain\">\n\t\t\t\t<div class=\"box box-text-bottom box-blog-post has-hover\">\n            \t\t\t\t\t<div class=\"box-image\" >\n  \t\t\t\t\t\t<div class=\"image-cover\" style=\"padding-top:68%;\">\n  \t\t\t\t\t\t\t<img loading=\"lazy\" decoding=\"async\" width=\"281\" height=\"179\" src=\"https:\/\/sosmedecinsfes.com\/wp-content\/uploads\/2024\/10\/Intolerances-Alimentaires.jpg\" class=\"attachment-medium size-medium wp-post-image\" alt=\"Intol\u00e9rances Alimentaires\" \/>  \t\t\t\t\t\t\t  \t\t\t\t\t\t\t  \t\t\t\t\t\t<\/div>\n  \t\t\t\t\t\t  \t\t\t\t\t<\/div><!-- .box-image -->\n          \t\t\t\t\t<div class=\"box-text text-center\" >\n\t\t\t\t\t<div class=\"box-text-inner blog-post-inner\">\n\n\t\t\t\t\t\n\t\t\t\t\t\t\t\t\t\t<h5 class=\"post-title is-large \">Intol\u00e9rances Alimentaires : Comprendre et G\u00e9rer &#8211; faire appel \u00e0 SOS m\u00e9decins FES<\/h5>\n\t\t\t\t\t\t\t\t\t\t<div class=\"is-divider\"><\/div>\n\t\t\t\t\t\t\t\t\t\t<p class=\"from_the_blog_excerpt \">Les intol\u00e9rances alimentaires touchent de nombreuses personnes et se manifestent par des r\u00e9actions ind\u00e9sirables \u00e0 [...]\t\t\t\t\t<\/p>\n\t\t\t\t\t                    \n\t\t\t\t\t\n\t\t\t\t\t\n\t\t\t\t\t<\/div><!-- .box-text-inner -->\n\t\t\t\t\t<\/div><!-- .box-text -->\n\t\t\t\t\t\t\t\t\t\t\t\t\t\t\t\t<div class=\"badge absolute top post-date badge-outline\">\n\t\t\t\t\t\t\t<div class=\"badge-inner\">\n\t\t\t\t\t\t\t\t<span class=\"post-date-day\">05<\/span><br>\n\t\t\t\t\t\t\t\t<span class=\"post-date-month is-xsmall\">Okt.<\/span>\n\t\t\t\t\t\t\t<\/div>\n\t\t\t\t\t\t<\/div>\n\t\t\t\t\t\t\t\t\t<\/div><!-- .box -->\n\t\t\t\t<\/a><!-- .link -->\n\t\t\t<\/div><!-- .col-inner -->\n\t\t<\/div><!-- .col -->\n\t\t<div class=\"col post-item\" >\n\t\t\t<div class=\"col-inner\">\n\t\t\t<a href=\"https:\/\/sosmedecinsfes.com\/de\/distension-abdominale-quand-contacter-sos-medecins\/\" class=\"plain\">\n\t\t\t\t<div class=\"box box-text-bottom box-blog-post has-hover\">\n            \t\t\t\t\t<div class=\"box-image\" >\n  \t\t\t\t\t\t<div class=\"image-cover\" style=\"padding-top:68%;\">\n  \t\t\t\t\t\t\t<img loading=\"lazy\" decoding=\"async\" width=\"400\" height=\"264\" src=\"https:\/\/sosmedecinsfes.com\/wp-content\/uploads\/2024\/09\/Distension-Abdominale.png\" class=\"attachment-medium size-medium wp-post-image\" alt=\"Distension Abdominale\" \/>  \t\t\t\t\t\t\t  \t\t\t\t\t\t\t  \t\t\t\t\t\t<\/div>\n  \t\t\t\t\t\t  \t\t\t\t\t<\/div><!-- .box-image -->\n          \t\t\t\t\t<div class=\"box-text text-center\" >\n\t\t\t\t\t<div class=\"box-text-inner blog-post-inner\">\n\n\t\t\t\t\t\n\t\t\t\t\t\t\t\t\t\t<h5 class=\"post-title is-large \">Distension Abdominale : Quand Contacter SOS M\u00e9decins<\/h5>\n\t\t\t\t\t\t\t\t\t\t<div class=\"is-divider\"><\/div>\n\t\t\t\t\t\t\t\t\t\t<p class=\"from_the_blog_excerpt \">La distension abdominale est une condition courante, souvent caract\u00e9ris\u00e9e par une sensation de gonflement ou [...]\t\t\t\t\t<\/p>\n\t\t\t\t\t                    \n\t\t\t\t\t\n\t\t\t\t\t\n\t\t\t\t\t<\/div><!-- .box-text-inner -->\n\t\t\t\t\t<\/div><!-- .box-text -->\n\t\t\t\t\t\t\t\t\t\t\t\t\t\t\t\t<div class=\"badge absolute top post-date badge-outline\">\n\t\t\t\t\t\t\t<div class=\"badge-inner\">\n\t\t\t\t\t\t\t\t<span class=\"post-date-day\">18<\/span><br>\n\t\t\t\t\t\t\t\t<span class=\"post-date-month is-xsmall\">Sep.<\/span>\n\t\t\t\t\t\t\t<\/div>\n\t\t\t\t\t\t<\/div>\n\t\t\t\t\t\t\t\t\t<\/div><!-- .box -->\n\t\t\t\t<\/a><!-- .link -->\n\t\t\t<\/div><!-- .col-inner -->\n\t\t<\/div><!-- .col -->\n\t\t<div class=\"col post-item\" >\n\t\t\t<div class=\"col-inner\">\n\t\t\t<a href=\"https:\/\/sosmedecinsfes.com\/de\/la-phlebite-urgence-medicale-a-domicile\/\" class=\"plain\">\n\t\t\t\t<div class=\"box box-text-bottom box-blog-post has-hover\">\n            \t\t\t\t\t<div class=\"box-image\" >\n  \t\t\t\t\t\t<div class=\"image-cover\" style=\"padding-top:68%;\">\n  \t\t\t\t\t\t\t<img loading=\"lazy\" decoding=\"async\" width=\"601\" height=\"400\" src=\"https:\/\/sosmedecinsfes.com\/wp-content\/uploads\/2024\/05\/Phlebite-601x400.webp\" class=\"attachment-medium size-medium wp-post-image\" alt=\"Phl\u00e9bite\" srcset=\"https:\/\/sosmedecinsfes.com\/wp-content\/uploads\/2024\/05\/Phlebite-601x400.webp 601w, https:\/\/sosmedecinsfes.com\/wp-content\/uploads\/2024\/05\/Phlebite-768x511.webp 768w, https:\/\/sosmedecinsfes.com\/wp-content\/uploads\/2024\/05\/Phlebite.webp 900w\" sizes=\"(max-width: 601px) 100vw, 601px\" \/>  \t\t\t\t\t\t\t  \t\t\t\t\t\t\t  \t\t\t\t\t\t<\/div>\n  \t\t\t\t\t\t  \t\t\t\t\t<\/div><!-- .box-image -->\n          \t\t\t\t\t<div class=\"box-text text-center\" >\n\t\t\t\t\t<div class=\"box-text-inner blog-post-inner\">\n\n\t\t\t\t\t\n\t\t\t\t\t\t\t\t\t\t<h5 class=\"post-title is-large \">La Phl\u00e9bite : Urgence M\u00e9dicale \u00e0 Domicile<\/h5>\n\t\t\t\t\t\t\t\t\t\t<div class=\"is-divider\"><\/div>\n\t\t\t\t\t\t\t\t\t\t<p class=\"from_the_blog_excerpt \">La phl\u00e9bite est une condition m\u00e9dicale grave caract\u00e9ris\u00e9e par l&lsquo;inflammation des veines, souvent associ\u00e9e \u00e0 [...]\t\t\t\t\t<\/p>\n\t\t\t\t\t                    \n\t\t\t\t\t\n\t\t\t\t\t\n\t\t\t\t\t<\/div><!-- .box-text-inner -->\n\t\t\t\t\t<\/div><!-- .box-text -->\n\t\t\t\t\t\t\t\t\t\t\t\t\t\t\t\t<div class=\"badge absolute top post-date badge-outline\">\n\t\t\t\t\t\t\t<div class=\"badge-inner\">\n\t\t\t\t\t\t\t\t<span class=\"post-date-day\">28<\/span><br>\n\t\t\t\t\t\t\t\t<span class=\"post-date-month is-xsmall\">Mai<\/span>\n\t\t\t\t\t\t\t<\/div>\n\t\t\t\t\t\t<\/div>\n\t\t\t\t\t\t\t\t\t<\/div><!-- .box -->\n\t\t\t\t<\/a><!-- .link -->\n\t\t\t<\/div><!-- .col-inner -->\n\t\t<\/div><!-- .col -->\n\t\t<div class=\"col post-item\" >\n\t\t\t<div class=\"col-inner\">\n\t\t\t<a href=\"https:\/\/sosmedecinsfes.com\/de\/la-scoliose-comprendre-traiter-et-prevenir\/\" class=\"plain\">\n\t\t\t\t<div class=\"box box-text-bottom box-blog-post has-hover\">\n            \t\t\t\t\t<div class=\"box-image\" >\n  \t\t\t\t\t\t<div class=\"image-cover\" style=\"padding-top:68%;\">\n  \t\t\t\t\t\t\t<img loading=\"lazy\" decoding=\"async\" width=\"534\" height=\"400\" src=\"https:\/\/sosmedecinsfes.com\/wp-content\/uploads\/2024\/05\/Scoliose-534x400.jpg\" class=\"attachment-medium size-medium wp-post-image\" alt=\"Scoliose\" srcset=\"https:\/\/sosmedecinsfes.com\/wp-content\/uploads\/2024\/05\/Scoliose-534x400.jpg 534w, https:\/\/sosmedecinsfes.com\/wp-content\/uploads\/2024\/05\/Scoliose-1068x800.jpg 1068w, https:\/\/sosmedecinsfes.com\/wp-content\/uploads\/2024\/05\/Scoliose-768x575.jpg 768w, https:\/\/sosmedecinsfes.com\/wp-content\/uploads\/2024\/05\/Scoliose.jpg 1200w\" sizes=\"(max-width: 534px) 100vw, 534px\" \/>  \t\t\t\t\t\t\t  \t\t\t\t\t\t\t  \t\t\t\t\t\t<\/div>\n  \t\t\t\t\t\t  \t\t\t\t\t<\/div><!-- .box-image -->\n          \t\t\t\t\t<div class=\"box-text text-center\" >\n\t\t\t\t\t<div class=\"box-text-inner blog-post-inner\">\n\n\t\t\t\t\t\n\t\t\t\t\t\t\t\t\t\t<h5 class=\"post-title is-large \">La Scoliose : Comprendre, Traiter et Pr\u00e9venir<\/h5>\n\t\t\t\t\t\t\t\t\t\t<div class=\"is-divider\"><\/div>\n\t\t\t\t\t\t\t\t\t\t<p class=\"from_the_blog_excerpt \">La scoliose est une condition m\u00e9dicale qui se caract\u00e9rise par une courbure anormale de la [...]\t\t\t\t\t<\/p>\n\t\t\t\t\t                    \n\t\t\t\t\t\n\t\t\t\t\t\n\t\t\t\t\t<\/div><!-- .box-text-inner -->\n\t\t\t\t\t<\/div><!-- .box-text -->\n\t\t\t\t\t\t\t\t\t\t\t\t\t\t\t\t<div class=\"badge absolute top post-date badge-outline\">\n\t\t\t\t\t\t\t<div class=\"badge-inner\">\n\t\t\t\t\t\t\t\t<span class=\"post-date-day\">28<\/span><br>\n\t\t\t\t\t\t\t\t<span class=\"post-date-month is-xsmall\">Mai<\/span>\n\t\t\t\t\t\t\t<\/div>\n\t\t\t\t\t\t<\/div>\n\t\t\t\t\t\t\t\t\t<\/div><!-- .box -->\n\t\t\t\t<\/a><!-- .link -->\n\t\t\t<\/div><!-- .col-inner -->\n\t\t<\/div><!-- .col -->\n\t\t<div class=\"col post-item\" >\n\t\t\t<div class=\"col-inner\">\n\t\t\t<a href=\"https:\/\/sosmedecinsfes.com\/de\/la-pneumocoque-une-menace-respiratoire-a-prendre-au-serieux\/\" class=\"plain\">\n\t\t\t\t<div class=\"box box-text-bottom box-blog-post has-hover\">\n            \t\t\t\t\t<div class=\"box-image\" >\n  \t\t\t\t\t\t<div class=\"image-cover\" style=\"padding-top:68%;\">\n  \t\t\t\t\t\t\t<img loading=\"lazy\" decoding=\"async\" width=\"600\" height=\"400\" src=\"https:\/\/sosmedecinsfes.com\/wp-content\/uploads\/2024\/05\/Pneumocoque-600x400.webp\" class=\"attachment-medium size-medium wp-post-image\" alt=\"Pneumocoque\" srcset=\"https:\/\/sosmedecinsfes.com\/wp-content\/uploads\/2024\/05\/Pneumocoque-600x400.webp 600w, https:\/\/sosmedecinsfes.com\/wp-content\/uploads\/2024\/05\/Pneumocoque-1200x800.webp 1200w, https:\/\/sosmedecinsfes.com\/wp-content\/uploads\/2024\/05\/Pneumocoque-768x512.webp 768w, https:\/\/sosmedecinsfes.com\/wp-content\/uploads\/2024\/05\/Pneumocoque.webp 1500w\" sizes=\"(max-width: 600px) 100vw, 600px\" \/>  \t\t\t\t\t\t\t  \t\t\t\t\t\t\t  \t\t\t\t\t\t<\/div>\n  \t\t\t\t\t\t  \t\t\t\t\t<\/div><!-- .box-image -->\n          \t\t\t\t\t<div class=\"box-text text-center\" >\n\t\t\t\t\t<div class=\"box-text-inner blog-post-inner\">\n\n\t\t\t\t\t\n\t\t\t\t\t\t\t\t\t\t<h5 class=\"post-title is-large \">La Pneumocoque : Une Menace Respiratoire \u00e0 Prendre au S\u00e9rieux<\/h5>\n\t\t\t\t\t\t\t\t\t\t<div class=\"is-divider\"><\/div>\n\t\t\t\t\t\t\t\t\t\t<p class=\"from_the_blog_excerpt \">La pneumocoque, caus\u00e9e par la bact\u00e9rie Streptococcus pneumoniae, est une infection respiratoire courante mais potentiellement [...]\t\t\t\t\t<\/p>\n\t\t\t\t\t                    \n\t\t\t\t\t\n\t\t\t\t\t\n\t\t\t\t\t<\/div><!-- .box-text-inner -->\n\t\t\t\t\t<\/div><!-- .box-text -->\n\t\t\t\t\t\t\t\t\t\t\t\t\t\t\t\t<div class=\"badge absolute top post-date badge-outline\">\n\t\t\t\t\t\t\t<div class=\"badge-inner\">\n\t\t\t\t\t\t\t\t<span class=\"post-date-day\">27<\/span><br>\n\t\t\t\t\t\t\t\t<span class=\"post-date-month is-xsmall\">Mai<\/span>\n\t\t\t\t\t\t\t<\/div>\n\t\t\t\t\t\t<\/div>\n\t\t\t\t\t\t\t\t\t<\/div><!-- .box -->\n\t\t\t\t<\/a><!-- .link -->\n\t\t\t<\/div><!-- .col-inner -->\n\t\t<\/div><!-- .col -->\n\t\t<div class=\"col post-item\" >\n\t\t\t<div class=\"col-inner\">\n\t\t\t<a href=\"https:\/\/sosmedecinsfes.com\/de\/la-paranoia-limportance-cruciale-des-services-medicaux-durgence-a-domicile\/\" class=\"plain\">\n\t\t\t\t<div class=\"box box-text-bottom box-blog-post has-hover\">\n            \t\t\t\t\t<div class=\"box-image\" >\n  \t\t\t\t\t\t<div class=\"image-cover\" style=\"padding-top:68%;\">\n  \t\t\t\t\t\t\t<img loading=\"lazy\" decoding=\"async\" width=\"712\" height=\"400\" src=\"https:\/\/sosmedecinsfes.com\/wp-content\/uploads\/2024\/05\/Paranoia-712x400.jpeg\" class=\"attachment-medium size-medium wp-post-image\" alt=\"Parano\u00efa\" srcset=\"https:\/\/sosmedecinsfes.com\/wp-content\/uploads\/2024\/05\/Paranoia-712x400.jpeg 712w, https:\/\/sosmedecinsfes.com\/wp-content\/uploads\/2024\/05\/Paranoia-768x432.jpeg 768w, https:\/\/sosmedecinsfes.com\/wp-content\/uploads\/2024\/05\/Paranoia.jpeg 970w\" sizes=\"(max-width: 712px) 100vw, 712px\" \/>  \t\t\t\t\t\t\t  \t\t\t\t\t\t\t  \t\t\t\t\t\t<\/div>\n  \t\t\t\t\t\t  \t\t\t\t\t<\/div><!-- .box-image -->\n          \t\t\t\t\t<div class=\"box-text text-center\" >\n\t\t\t\t\t<div class=\"box-text-inner blog-post-inner\">\n\n\t\t\t\t\t\n\t\t\t\t\t\t\t\t\t\t<h5 class=\"post-title is-large \">La Parano\u00efa : L&rsquo;Importance Cruciale des Services M\u00e9dicaux d&rsquo;Urgence \u00e0 Domicile<\/h5>\n\t\t\t\t\t\t\t\t\t\t<div class=\"is-divider\"><\/div>\n\t\t\t\t\t\t\t\t\t\t<p class=\"from_the_blog_excerpt \">La parano\u00efa est un trouble psychiatrique grave qui affecte la perception d&rsquo;une personne sur la [...]\t\t\t\t\t<\/p>\n\t\t\t\t\t                    \n\t\t\t\t\t\n\t\t\t\t\t\n\t\t\t\t\t<\/div><!-- .box-text-inner -->\n\t\t\t\t\t<\/div><!-- .box-text -->\n\t\t\t\t\t\t\t\t\t\t\t\t\t\t\t\t<div class=\"badge absolute top post-date badge-outline\">\n\t\t\t\t\t\t\t<div class=\"badge-inner\">\n\t\t\t\t\t\t\t\t<span class=\"post-date-day\">27<\/span><br>\n\t\t\t\t\t\t\t\t<span class=\"post-date-month is-xsmall\">Mai<\/span>\n\t\t\t\t\t\t\t<\/div>\n\t\t\t\t\t\t<\/div>\n\t\t\t\t\t\t\t\t\t<\/div><!-- .box -->\n\t\t\t\t<\/a><!-- .link -->\n\t\t\t<\/div><!-- .col-inner -->\n\t\t<\/div><!-- .col -->\n\t\t<div class=\"col post-item\" >\n\t\t\t<div class=\"col-inner\">\n\t\t\t<a href=\"https:\/\/sosmedecinsfes.com\/de\/les-oreillons-importance-des-services-medicaux-durgence-a-domicile\/\" class=\"plain\">\n\t\t\t\t<div class=\"box box-text-bottom box-blog-post has-hover\">\n            \t\t\t\t\t<div class=\"box-image\" >\n  \t\t\t\t\t\t<div class=\"image-cover\" style=\"padding-top:68%;\">\n  \t\t\t\t\t\t\t<img loading=\"lazy\" decoding=\"async\" width=\"600\" height=\"400\" src=\"https:\/\/sosmedecinsfes.com\/wp-content\/uploads\/2024\/05\/Oreillons-600x400.webp\" class=\"attachment-medium size-medium wp-post-image\" alt=\"Oreillons\" srcset=\"https:\/\/sosmedecinsfes.com\/wp-content\/uploads\/2024\/05\/Oreillons-600x400.webp 600w, https:\/\/sosmedecinsfes.com\/wp-content\/uploads\/2024\/05\/Oreillons-1199x800.webp 1199w, https:\/\/sosmedecinsfes.com\/wp-content\/uploads\/2024\/05\/Oreillons-768x512.webp 768w, https:\/\/sosmedecinsfes.com\/wp-content\/uploads\/2024\/05\/Oreillons-1536x1024.webp 1536w, https:\/\/sosmedecinsfes.com\/wp-content\/uploads\/2024\/05\/Oreillons-2048x1366.webp 2048w\" sizes=\"(max-width: 600px) 100vw, 600px\" \/>  \t\t\t\t\t\t\t  \t\t\t\t\t\t\t  \t\t\t\t\t\t<\/div>\n  \t\t\t\t\t\t  \t\t\t\t\t<\/div><!-- .box-image -->\n          \t\t\t\t\t<div class=\"box-text text-center\" >\n\t\t\t\t\t<div class=\"box-text-inner blog-post-inner\">\n\n\t\t\t\t\t\n\t\t\t\t\t\t\t\t\t\t<h5 class=\"post-title is-large \">Les Oreillons : Importance des Services M\u00e9dicaux d&rsquo;Urgence \u00e0 Domicile<\/h5>\n\t\t\t\t\t\t\t\t\t\t<div class=\"is-divider\"><\/div>\n\t\t\t\t\t\t\t\t\t\t<p class=\"from_the_blog_excerpt \">Les oreillons, \u00e9galement connus sous le nom de parotidite \u00e9pid\u00e9mique, sont une infection virale courante [...]\t\t\t\t\t<\/p>\n\t\t\t\t\t                    \n\t\t\t\t\t\n\t\t\t\t\t\n\t\t\t\t\t<\/div><!-- .box-text-inner -->\n\t\t\t\t\t<\/div><!-- .box-text -->\n\t\t\t\t\t\t\t\t\t\t\t\t\t\t\t\t<div class=\"badge absolute top post-date badge-outline\">\n\t\t\t\t\t\t\t<div class=\"badge-inner\">\n\t\t\t\t\t\t\t\t<span class=\"post-date-day\">27<\/span><br>\n\t\t\t\t\t\t\t\t<span class=\"post-date-month is-xsmall\">Mai<\/span>\n\t\t\t\t\t\t\t<\/div>\n\t\t\t\t\t\t<\/div>\n\t\t\t\t\t\t\t\t\t<\/div><!-- .box -->\n\t\t\t\t<\/a><!-- .link -->\n\t\t\t<\/div><!-- .col-inner -->\n\t\t<\/div><!-- .col -->\n\t\t<div class=\"col post-item\" >\n\t\t\t<div class=\"col-inner\">\n\t\t\t<a href=\"https:\/\/sosmedecinsfes.com\/de\/accidents-vasculaires-cerebraux-reconnaitre-les-signes-precoces-pour-une-intervention-rapide-a-fesaccidents-vasculaires-cerebrauxaccidents-vasculaires-cerebraux-reconnaitre-les-signes-precoces-pou\/\" class=\"plain\">\n\t\t\t\t<div class=\"box box-text-bottom box-blog-post has-hover\">\n            \t\t\t\t\t<div class=\"box-image\" >\n  \t\t\t\t\t\t<div class=\"image-cover\" style=\"padding-top:68%;\">\n  \t\t\t\t\t\t\t<img loading=\"lazy\" decoding=\"async\" width=\"600\" height=\"400\" src=\"https:\/\/sosmedecinsfes.com\/wp-content\/uploads\/2024\/05\/Accidents-vasculaires-cerebraux-600x400.webp\" class=\"attachment-medium size-medium wp-post-image\" alt=\"Accidents vasculaires c\u00e9r\u00e9braux\" srcset=\"https:\/\/sosmedecinsfes.com\/wp-content\/uploads\/2024\/05\/Accidents-vasculaires-cerebraux-600x400.webp 600w, https:\/\/sosmedecinsfes.com\/wp-content\/uploads\/2024\/05\/Accidents-vasculaires-cerebraux-768x512.webp 768w, https:\/\/sosmedecinsfes.com\/wp-content\/uploads\/2024\/05\/Accidents-vasculaires-cerebraux.webp 900w\" sizes=\"(max-width: 600px) 100vw, 600px\" \/>  \t\t\t\t\t\t\t  \t\t\t\t\t\t\t  \t\t\t\t\t\t<\/div>\n  \t\t\t\t\t\t  \t\t\t\t\t<\/div><!-- .box-image -->\n          \t\t\t\t\t<div class=\"box-text text-center\" >\n\t\t\t\t\t<div class=\"box-text-inner blog-post-inner\">\n\n\t\t\t\t\t\n\t\t\t\t\t\t\t\t\t\t<h5 class=\"post-title is-large \">Accidents vasculaires c\u00e9r\u00e9braux : Reconna\u00eetre les Signes Pr\u00e9coces pour une Intervention Rapide \u00e0 FESAccidents vasculaires c\u00e9r\u00e9brauxAccidents vasculaires c\u00e9r\u00e9braux : Reconna\u00eetre les Signes Pr\u00e9coces pour une Intervention Rapide \u00e0 FES<\/h5>\n\t\t\t\t\t\t\t\t\t\t<div class=\"is-divider\"><\/div>\n\t\t\t\t\t\t\t\t\t\t<p class=\"from_the_blog_excerpt \">Les accidents vasculaires c\u00e9r\u00e9braux (AVC) sont parmi les urgences m\u00e9dicales les plus redoutables, n\u00e9cessitant une [...]\t\t\t\t\t<\/p>\n\t\t\t\t\t                    \n\t\t\t\t\t\n\t\t\t\t\t\n\t\t\t\t\t<\/div><!-- .box-text-inner -->\n\t\t\t\t\t<\/div><!-- .box-text -->\n\t\t\t\t\t\t\t\t\t\t\t\t\t\t\t\t<div class=\"badge absolute top post-date badge-outline\">\n\t\t\t\t\t\t\t<div class=\"badge-inner\">\n\t\t\t\t\t\t\t\t<span class=\"post-date-day\">17<\/span><br>\n\t\t\t\t\t\t\t\t<span class=\"post-date-month is-xsmall\">Mai<\/span>\n\t\t\t\t\t\t\t<\/div>\n\t\t\t\t\t\t<\/div>\n\t\t\t\t\t\t\t\t\t<\/div><!-- .box -->\n\t\t\t\t<\/a><!-- .link -->\n\t\t\t<\/div><!-- .col-inner -->\n\t\t<\/div><!-- .col -->\n\t\t<div class=\"col post-item\" >\n\t\t\t<div class=\"col-inner\">\n\t\t\t<a href=\"https:\/\/sosmedecinsfes.com\/de\/soulager-les-brulures-destomac-causes-symptomes-et-solutions-a-fes\/\" class=\"plain\">\n\t\t\t\t<div class=\"box box-text-bottom box-blog-post has-hover\">\n            \t\t\t\t\t<div class=\"box-image\" >\n  \t\t\t\t\t\t<div class=\"image-cover\" style=\"padding-top:68%;\">\n  \t\t\t\t\t\t\t<img loading=\"lazy\" decoding=\"async\" width=\"595\" height=\"400\" src=\"https:\/\/sosmedecinsfes.com\/wp-content\/uploads\/2024\/05\/Brulure-destomac-595x400.jpg\" class=\"attachment-medium size-medium wp-post-image\" alt=\"Br\u00fblure d\u2019estomac\" srcset=\"https:\/\/sosmedecinsfes.com\/wp-content\/uploads\/2024\/05\/Brulure-destomac-595x400.jpg 595w, https:\/\/sosmedecinsfes.com\/wp-content\/uploads\/2024\/05\/Brulure-destomac.jpg 640w\" sizes=\"(max-width: 595px) 100vw, 595px\" \/>  \t\t\t\t\t\t\t  \t\t\t\t\t\t\t  \t\t\t\t\t\t<\/div>\n  \t\t\t\t\t\t  \t\t\t\t\t<\/div><!-- .box-image -->\n          \t\t\t\t\t<div class=\"box-text text-center\" >\n\t\t\t\t\t<div class=\"box-text-inner blog-post-inner\">\n\n\t\t\t\t\t\n\t\t\t\t\t\t\t\t\t\t<h5 class=\"post-title is-large \">Soulager les Br\u00fblures d&rsquo;Estomac : Causes, Sympt\u00f4mes et Solutions \u00e0 F\u00e8s<\/h5>\n\t\t\t\t\t\t\t\t\t\t<div class=\"is-divider\"><\/div>\n\t\t\t\t\t\t\t\t\t\t<p class=\"from_the_blog_excerpt \">Les br\u00fblures d&rsquo;estomac sont une sensation de br\u00fblure d\u00e9sagr\u00e9able qui se manifeste g\u00e9n\u00e9ralement dans la [...]\t\t\t\t\t<\/p>\n\t\t\t\t\t                    \n\t\t\t\t\t\n\t\t\t\t\t\n\t\t\t\t\t<\/div><!-- .box-text-inner -->\n\t\t\t\t\t<\/div><!-- .box-text -->\n\t\t\t\t\t\t\t\t\t\t\t\t\t\t\t\t<div class=\"badge absolute top post-date badge-outline\">\n\t\t\t\t\t\t\t<div class=\"badge-inner\">\n\t\t\t\t\t\t\t\t<span class=\"post-date-day\">04<\/span><br>\n\t\t\t\t\t\t\t\t<span class=\"post-date-month is-xsmall\">Mai<\/span>\n\t\t\t\t\t\t\t<\/div>\n\t\t\t\t\t\t<\/div>\n\t\t\t\t\t\t\t\t\t<\/div><!-- .box -->\n\t\t\t\t<\/a><!-- .link -->\n\t\t\t<\/div><!-- .col-inner -->\n\t\t<\/div><!-- .col -->\n<\/div>\n","protected":false},"excerpt":{"rendered":"[ux_product_categories style=\u00a0\u00bboverlay\u00a0\u00bb type=\u00a0\u00bbgrid\u00a0\u00bb grid=\u00a0\u00bb8&Prime; grid_height=\u00a0\u00bb300px\u00a0\u00bb depth=\u00a0\u00bb1&Prime; depth_hover=\u00a0\u00bb4&Prime; number=\u00a0\u00bb7&Prime; text_pos=\u00a0\u00bbmiddle\u00a0\u00bb text_size=\u00a0\u00bblarge\u00a0\u00bb]\n","protected":false},"author":1,"featured_media":27,"parent":85,"menu_order":10,"comment_status":"closed","ping_status":"closed","template":"page-blank.php","meta":{"footnotes":""},"class_list":["post-53","page","type-page","status-publish","has-post-thumbnail","hentry"],"_links":{"self":[{"href":"https:\/\/sosmedecinsfes.com\/de\/wp-json\/wp\/v2\/pages\/53","targetHints":{"allow":["GET"]}}],"collection":[{"href":"https:\/\/sosmedecinsfes.com\/de\/wp-json\/wp\/v2\/pages"}],"about":[{"href":"https:\/\/sosmedecinsfes.com\/de\/wp-json\/wp\/v2\/types\/page"}],"author":[{"embeddable":true,"href":"https:\/\/sosmedecinsfes.com\/de\/wp-json\/wp\/v2\/users\/1"}],"replies":[{"embeddable":true,"href":"https:\/\/sosmedecinsfes.com\/de\/wp-json\/wp\/v2\/comments?post=53"}],"version-history":[{"count":1,"href":"https:\/\/sosmedecinsfes.com\/de\/wp-json\/wp\/v2\/pages\/53\/revisions"}],"predecessor-version":[{"id":128,"href":"https:\/\/sosmedecinsfes.com\/de\/wp-json\/wp\/v2\/pages\/53\/revisions\/128"}],"up":[{"embeddable":true,"href":"https:\/\/sosmedecinsfes.com\/de\/wp-json\/wp\/v2\/pages\/85"}],"wp:featuredmedia":[{"embeddable":true,"href":"https:\/\/sosmedecinsfes.com\/de\/wp-json\/wp\/v2\/media\/27"}],"wp:attachment":[{"href":"https:\/\/sosmedecinsfes.com\/de\/wp-json\/wp\/v2\/media?parent=53"}],"curies":[{"name":"wp","href":"https:\/\/api.w.org\/{rel}","templated":true}]}}